{"id":10613,"date":"2022-06-24T15:56:34","date_gmt":"2022-06-24T19:56:34","guid":{"rendered":"https:\/\/www.eckler.ca\/?page_id=10613"},"modified":"2024-05-06T10:38:18","modified_gmt":"2024-05-06T14:38:18","slug":"services-conseils-en-matiere-de-remuneration-v1","status":"publish","type":"page","link":"https:\/\/www.eckler.ca\/fr\/services\/pensions-and-benefits-consulting\/services-conseils-en-matiere-de-remuneration-v1\/","title":{"rendered":"Services-conseils en mati\u00e8re de r\u00e9mun\u00e9ration"},"content":{"rendered":"<div class=\"wpb-content-wrapper\"><p>[vc_row][vc_column]<div class=\"service-hero-wrapper default bg-light\">\n\t\t\t\t<div class=\"service-hero-icon-container\">\n\t\t\t<i class=\"service-hero-icon icon icon-pensions\"><\/i>\n\t\t<div class=\"service-hero-content-container container container-narrow\">\n\t\t<div class=\"service-hero-content-inner  mobile-none\">\n\t\t\t\t\t\t\t\t\t\t<h2 class=\"service-hero-banner-sub-heading\">Consultation en r\u00e9gimes de retraite et en avantages sociaux&nbsp;\/<\/h2>\n\t\t\t\t\t\t\t\t\t\t<h1 class=\"service-hero-banner-main-heading\">Services-conseils en mati\u00e8re de r\u00e9mun\u00e9ration<\/h1>\n\t\t\t\n\t\t\t\t\t<\/div>\n\t<\/div>\n\t\t\t<\/div>\n\t<\/div>\n[\/vc_column][\/vc_row][vc_row][vc_column][basic_container container_size=&#8221;container container-narrow&#8221;][vc_column_text]<\/p>\n<h2><strong>Votre personnel est votre plus grand atout\u00a0: misez donc sur un programme et une approche de r\u00e9mun\u00e9ration globale significatifs pour obtenir une vision ax\u00e9e sur le facteur humain qui vous permettra d\u2019atteindre les objectifs de votre organisation.<\/strong><\/h2>\n<p>Les besoins et les exigences de la main-d\u2019\u0153uvre d\u2019aujourd\u2019hui sont en pleine \u00e9volution. La bonne strat\u00e9gie de r\u00e9mun\u00e9ration et de r\u00e9tribution globale permet non seulement d\u2019attirer et de retenir les meilleurs talents, mais aussi d\u2019am\u00e9liorer les rendements de votre organisation.<\/p>\n<p>En tant que conseillers de confiance, nous \u00e9valuerons tous les \u00e9l\u00e9ments cl\u00e9s de votre programme de r\u00e9mun\u00e9ration en adoptant une approche personnalis\u00e9e et ax\u00e9e sur le client. Nous travaillerons avec vous \u00e0 la conception d\u2019un programme durable qui s\u2019articule autour de vos objectifs, refl\u00e8te votre culture d\u2019entreprise et manifeste votre reconnaissance envers vos employ\u00e9s.<\/p>\n<h3>L\u2019importance de la r\u00e9mun\u00e9ration<\/h3>\n<p>Un programme de r\u00e9mun\u00e9ration efficace concilie besoins de l\u2019entreprise et r\u00e9tribution globale. Gr\u00e2ce \u00e0 une conception optimale, nous pouvons vous aider \u00e0 trouver et \u00e0 \u00e9laborer une strat\u00e9gie de r\u00e9mun\u00e9ration des talents. Un programme de r\u00e9mun\u00e9ration bien con\u00e7u vous permettra de tirer le meilleur parti de votre budget pour offrir des salaires comp\u00e9titifs, r\u00e9compenser \u00e9quitablement et g\u00e9rer les perceptions salariales.<\/p>\n<p>Qu\u2019il s\u2019agisse d\u2019\u00e9tudes de march\u00e9, d\u2019analyses comparatives, de l\u2019\u00e9tablissement d\u2019une structure salariale ou d\u2019outils d\u2019\u00e9valuation des emplois, nos experts mettent \u00e0 profit leur vaste exp\u00e9rience et leurs connaissances pour vous fournir des conseils qui vont au-del\u00e0 des chiffres.[\/vc_column_text][\/basic_container]<div class=\"decorative-illustration align-right \">\n\t<span class=\"decoration two-flags-primary\"><\/span>\n<\/div>\n[\/vc_column][\/vc_row][vc_row][vc_column][vc_row_inner][vc_column_inner width=&#8221;1\/3&#8243;][vc_column_text css=&#8221;.vc_custom_1656092765030{padding-top: 25px !important;padding-right: 25px !important;padding-bottom: 25px !important;padding-left: 25px !important;}&#8221;]<\/p>\n<h3 style=\"text-align: center;\"><img loading=\"lazy\" decoding=\"async\" class=\" wp-image-10624 aligncenter\" src=\"https:\/\/www.eckler.ca\/app\/uploads\/2022\/06\/Executive-Consulting-icon-1.png\" alt=\"A navy blue icon with a silhouette of the head and shoulders of a person in a circle with three stars beneath to represent executive compensation strategies.\" width=\"244\" height=\"185\" \/><br \/>\n<strong>R\u00e9mun\u00e9ration de la haute direction<\/strong><\/h3>\n<p style=\"text-align: center;\">En collaboration avec les conseils d\u2019administration et les membres de la haute direction, nous mettons au point des programmes de r\u00e9mun\u00e9ration des cadres sup\u00e9rieurs qui reposent sur une gouvernance saine, sont d\u00e9fendables et assurent un \u00e9quilibre entre le salaire, le rendement et les responsabilit\u00e9s du poste.<\/p>\n<p>[\/vc_column_text][\/vc_column_inner][vc_column_inner width=&#8221;1\/3&#8243;][vc_column_text css=&#8221;.vc_custom_1656092756181{padding-top: 25px !important;padding-right: 25px !important;padding-bottom: 25px !important;padding-left: 25px !important;}&#8221;]<\/p>\n<h3 style=\"text-align: center;\"><strong><img loading=\"lazy\" decoding=\"async\" class=\"aligncenter size-full wp-image-10626\" src=\"https:\/\/www.eckler.ca\/app\/uploads\/2022\/06\/Broad-based-Compensation-Icon-1.png\" alt=\"A navy blue icon with a silhouette of a person standing in front of a set of gears to represent broad-based, or total rewards, compensation strategies.\" width=\"232\" height=\"174\" \/><br \/>\nR\u00e9mun\u00e9ration g\u00e9n\u00e9rale<br \/>\n<\/strong><\/h3>\n<p style=\"text-align: center;\">Nous couvrons tous les \u00e9chelons du personnel et trouvons un \u00e9quilibre pour r\u00e9pondre aux besoins d\u2019\u00e9quit\u00e9 interne, externe et sur le plan individuel. En adoptant une approche globale de la r\u00e9tribution, nous contribuons \u00e0 rehausser la proposition de valeur aux employ\u00e9s.<\/p>\n<p>[\/vc_column_text][\/vc_column_inner][vc_column_inner width=&#8221;1\/3&#8243;][vc_column_text css=&#8221;.vc_custom_1656092545496{padding-top: 25px !important;padding-right: 25px !important;padding-bottom: 25px !important;padding-left: 25px !important;}&#8221;]<\/p>\n<h3 style=\"text-align: center;\"><strong><img loading=\"lazy\" decoding=\"async\" class=\"aligncenter wp-image-10628\" src=\"https:\/\/www.eckler.ca\/app\/uploads\/2022\/06\/market-surveys-icon-1.png\" alt=\"A navy blue icon of a digital device with data in screen representing market surveys.\" width=\"189\" height=\"171\" \/><br \/>\n\u00c9tudes de march\u00e9<br \/>\n<\/strong><\/h3>\n<p style=\"text-align: center;\">Nous mettons sur pied et r\u00e9alisons des enqu\u00eates personnalis\u00e9es sur les salaires et les pratiques en mati\u00e8re de RH, de fa\u00e7on \u00e0 ce que les organisations disposent de renseignements \u00e0 jour pour prendre des d\u00e9cisions \u00e9clair\u00e9es.<\/p>\n<p>[\/vc_column_text][\/vc_column_inner][\/vc_row_inner][\/vc_column][\/vc_row][vc_row][vc_column][basic_container][vc_column_text]<\/p>\n<h3>Les services propos\u00e9s comprennent\u00a0:<\/h3>\n<p>[\/vc_column_text][vc_row_inner][vc_column_inner width=&#8221;1\/2&#8243;][vc_column_text]<\/p>\n<ul>\n<li>Philosophie de r\u00e9mun\u00e9ration et strat\u00e9gie de r\u00e9tribution globale<\/li>\n<li>\u00c9valuation du programme de r\u00e9mun\u00e9ration<\/li>\n<li>Analyses comparatives<\/li>\n<li>Conception et gestion de variables et de la r\u00e9mun\u00e9ration au rendement<\/li>\n<li>Analyse de la r\u00e9mun\u00e9ration au rendement<\/li>\n<li>\u00c9valuation et classification de postes<\/li>\n<li>Soutien \u00e0 l\u2019\u00e9quit\u00e9 salariale<\/li>\n<li>Gouvernance salariale et directives administratives<\/li>\n<li>Soutien \u00e0 l\u2019\u00e9quit\u00e9 salariale<\/li>\n<li>Sondages personnalis\u00e9s sur la r\u00e9mun\u00e9ration<\/li>\n<\/ul>\n<p>[\/vc_column_text][\/vc_column_inner][vc_column_inner width=&#8221;1\/2&#8243;][vc_column_text]<\/p>\n<ul>\n<li>Perspectives des march\u00e9s et \u00e9tudes sur la planification budg\u00e9taire, les pratiques et les tendances en mati\u00e8re de RH<\/li>\n<li>Gouvernance et r\u00e9mun\u00e9ration du conseil d\u2019administration<\/li>\n<li>Examens de la r\u00e9mun\u00e9ration de la haute direction<\/li>\n<li>Divulgation de la r\u00e9mun\u00e9ration<\/li>\n<li>Relev\u00e9s de r\u00e9mun\u00e9ration globale et communications correspondantes<\/li>\n<li>Formation en mati\u00e8re de r\u00e9mun\u00e9ration<\/li>\n<li>Situations particuli\u00e8res (p. ex., fusions et acquisitions, premiers appels publics \u00e0 l\u2019\u00e9pargne, programmes de maintien en poste des employ\u00e9s cl\u00e9s, etc.)<\/li>\n<\/ul>\n<p>[\/vc_column_text][\/vc_column_inner][\/vc_row_inner]<div class=\"clearfix global-margin-y\"><\/div>[\/basic_container][\/vc_column][\/vc_row][vc_row][vc_column][basic_container container_size=&#8221;container container-narrow&#8221; bg_type=&#8221;solid&#8221; bg_color=&#8221;bg-light&#8221;][vc_column_text css=&#8221;.vc_custom_1656097552932{border-top-width: 5px !important;border-right-width: 5px !important;border-bottom-width: 5px !important;border-left-width: 5px !important;}&#8221;]<\/p>\n<h2>Restez inform\u00e9<\/h2>\n<p>Ne ratez pas les plus r\u00e9centes perspectives en mati\u00e8re de strat\u00e9gies de r\u00e9mun\u00e9ration et de r\u00e9tribution globales. Abonnez-vous \u00e0 notre liste de diffusion pour vous tenir inform\u00e9s.[\/vc_column_text]<script type=\"text\/javascript\">\n\/* <![CDATA[ *\/\nvar gform;gform||(document.addEventListener(\"gform_main_scripts_loaded\",function(){gform.scriptsLoaded=!0}),document.addEventListener(\"gform\/theme\/scripts_loaded\",function(){gform.themeScriptsLoaded=!0}),window.addEventListener(\"DOMContentLoaded\",function(){gform.domLoaded=!0}),gform={domLoaded:!1,scriptsLoaded:!1,themeScriptsLoaded:!1,isFormEditor:()=>\"function\"==typeof InitializeEditor,callIfLoaded:function(o){return!(!gform.domLoaded||!gform.scriptsLoaded||!gform.themeScriptsLoaded&&!gform.isFormEditor()||(gform.isFormEditor()&&console.warn(\"The use of gform.initializeOnLoaded() is deprecated in the form editor context and will be removed in Gravity Forms 3.1.\"),o(),0))},initializeOnLoaded:function(o){gform.callIfLoaded(o)||(document.addEventListener(\"gform_main_scripts_loaded\",()=>{gform.scriptsLoaded=!0,gform.callIfLoaded(o)}),document.addEventListener(\"gform\/theme\/scripts_loaded\",()=>{gform.themeScriptsLoaded=!0,gform.callIfLoaded(o)}),window.addEventListener(\"DOMContentLoaded\",()=>{gform.domLoaded=!0,gform.callIfLoaded(o)}))},hooks:{action:{},filter:{}},addAction:function(o,r,e,t){gform.addHook(\"action\",o,r,e,t)},addFilter:function(o,r,e,t){gform.addHook(\"filter\",o,r,e,t)},doAction:function(o){gform.doHook(\"action\",o,arguments)},applyFilters:function(o){return gform.doHook(\"filter\",o,arguments)},removeAction:function(o,r){gform.removeHook(\"action\",o,r)},removeFilter:function(o,r,e){gform.removeHook(\"filter\",o,r,e)},addHook:function(o,r,e,t,n){null==gform.hooks[o][r]&&(gform.hooks[o][r]=[]);var d=gform.hooks[o][r];null==n&&(n=r+\"_\"+d.length),gform.hooks[o][r].push({tag:n,callable:e,priority:t=null==t?10:t})},doHook:function(r,o,e){var t;if(e=Array.prototype.slice.call(e,1),null!=gform.hooks[r][o]&&((o=gform.hooks[r][o]).sort(function(o,r){return o.priority-r.priority}),o.forEach(function(o){\"function\"!=typeof(t=o.callable)&&(t=window[t]),\"action\"==r?t.apply(null,e):e[0]=t.apply(null,e)})),\"filter\"==r)return e[0]},removeHook:function(o,r,t,n){var e;null!=gform.hooks[o][r]&&(e=(e=gform.hooks[o][r]).filter(function(o,r,e){return!!(null!=n&&n!=o.tag||null!=t&&t!=o.priority)}),gform.hooks[o][r]=e)}});\n\/* ]]> *\/\n<\/script>\n\n                <div class='gf_browser_gecko gform_wrapper gform_legacy_markup_wrapper gform-theme--no-framework' data-form-theme='legacy' data-form-index='0' id='gform_wrapper_22' ><div id='gf_22' class='gform_anchor' tabindex='-1'><\/div><form method='post' enctype='multipart\/form-data'  id='gform_22'  action='\/fr\/wp-json\/wp\/v2\/pages\/10613#gf_22' data-formid='22' novalidate>\n                        <div class='gform-body gform_body'><ul id='gform_fields_22' class='gform_fields top_label form_sublabel_below description_below validation_below'><li id=\"field_22_21\" class=\"gfield gfield--type-honeypot gform_validation_container field_sublabel_below gfield--has-description field_description_below field_validation_below gfield_visibility_visible\"  ><label class='gfield_label gform-field-label' for='input_22_21'>X\/Twitter<\/label><div class='ginput_container'><input name='input_21' id='input_22_21' type='text' value='' autocomplete='new-password'\/><\/div><div class='gfield_description' id='gfield_description_22_21'>This field is for validation purposes and should be left unchanged.<\/div><\/li><li id=\"field_22_12\" class=\"gfield gfield--type-text gfield--width-full gfield_contains_required field_sublabel_below gfield--no-description field_description_below field_validation_below gfield_visibility_visible\"  ><label class='gfield_label gform-field-label' for='input_22_12'>First Name<span class=\"gfield_required\"><span class=\"gfield_required gfield_required_asterisk\">*<\/span><\/span><\/label><div class='ginput_container ginput_container_text'><input name='input_12' id='input_22_12' type='text' value='' class='medium'    placeholder='First Name' aria-required=\"true\" aria-invalid=\"false\"  autocomplete=\"given-name\" \/><\/div><\/li><li id=\"field_22_13\" class=\"gfield gfield--type-text gfield--width-full gfield_contains_required field_sublabel_below gfield--no-description field_description_below field_validation_below gfield_visibility_visible\"  ><label class='gfield_label gform-field-label' for='input_22_13'>Last Name<span class=\"gfield_required\"><span class=\"gfield_required gfield_required_asterisk\">*<\/span><\/span><\/label><div class='ginput_container ginput_container_text'><input name='input_13' id='input_22_13' type='text' value='' class='medium'    placeholder='Last Name' aria-required=\"true\" aria-invalid=\"false\"  autocomplete=\"family-name\" \/><\/div><\/li><li id=\"field_22_20\" class=\"gfield gfield--type-email gfield--width-full gfield_contains_required field_sublabel_below gfield--no-description field_description_below field_validation_below gfield_visibility_visible\"  ><label class='gfield_label gform-field-label' for='input_22_20'>Email address<span class=\"gfield_required\"><span class=\"gfield_required gfield_required_asterisk\">*<\/span><\/span><\/label><div class='ginput_container ginput_container_email'>\n                            <input name='input_20' id='input_22_20' type='email' value='' class='medium'   placeholder='Your work email' aria-required=\"true\" aria-invalid=\"false\"  autocomplete=\"email\"\/>\n                        <\/div><\/li><li id=\"field_22_8\" class=\"gfield gfield--type-text gfield--width-full gfield_contains_required field_sublabel_below gfield--no-description field_description_below field_validation_below gfield_visibility_visible\"  ><label class='gfield_label gform-field-label' for='input_22_8'>Title<span class=\"gfield_required\"><span class=\"gfield_required gfield_required_asterisk\">*<\/span><\/span><\/label><div class='ginput_container ginput_container_text'><input name='input_8' id='input_22_8' type='text' value='' class='medium'    placeholder='Your job title' aria-required=\"true\" aria-invalid=\"false\"   \/><\/div><\/li><li id=\"field_22_18\" class=\"gfield gfield--type-text gfield--width-full gfield_contains_required field_sublabel_below gfield--no-description field_description_below field_validation_below gfield_visibility_visible\"  ><label class='gfield_label gform-field-label' for='input_22_18'>Organization<span class=\"gfield_required\"><span class=\"gfield_required gfield_required_asterisk\">*<\/span><\/span><\/label><div class='ginput_container ginput_container_text'><input name='input_18' id='input_22_18' type='text' value='' class='medium'    placeholder='Organization' aria-required=\"true\" aria-invalid=\"false\"   \/><\/div><\/li><li id=\"field_22_9\" class=\"gfield gfield--type-text gfield--width-full gf_left_half gfield_contains_required field_sublabel_below gfield--no-description field_description_below field_validation_below gfield_visibility_visible\"  ><label class='gfield_label gform-field-label' for='input_22_9'>City<span class=\"gfield_required\"><span class=\"gfield_required gfield_required_asterisk\">*<\/span><\/span><\/label><div class='ginput_container ginput_container_text'><input name='input_9' id='input_22_9' type='text' value='' class='medium'    placeholder='City' aria-required=\"true\" aria-invalid=\"false\"  autocomplete=\"address-level2\" \/><\/div><\/li><li id=\"field_22_10\" class=\"gfield gfield--type-text gfield--width-full gf_right_half gfield_contains_required field_sublabel_below gfield--no-description field_description_below field_validation_below gfield_visibility_visible\"  ><label class='gfield_label gform-field-label' for='input_22_10'>Province<span class=\"gfield_required\"><span class=\"gfield_required gfield_required_asterisk\">*<\/span><\/span><\/label><div class='ginput_container ginput_container_text'><input name='input_10' id='input_22_10' type='text' value='' class='medium'    placeholder='Province' aria-required=\"true\" aria-invalid=\"false\"  autocomplete=\"address-level1\" \/><\/div><\/li><li id=\"field_22_4\" class=\"gfield gfield--type-checkbox gfield--type-choice full-width large-label gfield_contains_required field_sublabel_below gfield--no-description field_description_below field_validation_below gfield_visibility_visible\"  ><label class='gfield_label gform-field-label gfield_label_before_complex' >Cliquez sur la case pour vous inscrire.<span class=\"gfield_required\"><span class=\"gfield_required gfield_required_asterisk\">*<\/span><\/span><\/label><div class='ginput_container ginput_container_checkbox'><ul class='gfield_checkbox' id='input_22_4'><li class='gchoice gchoice_22_4_1'>\n\t\t\t\t\t\t\t\t<input class='gfield-choice-input' name='input_4.1' type='checkbox'  value='J&#039;aimerais \u00eatre ajout\u00e9 \u00e0 la liste d&#039;envoi des Perspectives de r\u00e9mun\u00e9ration d\u2019Eckler.'  id='choice_22_4_1'   \/>\n\t\t\t\t\t\t\t\t<label for='choice_22_4_1' id='label_22_4_1' class='gform-field-label gform-field-label--type-inline'>J'aimerais \u00eatre ajout\u00e9 \u00e0 la liste d'envoi des Perspectives de r\u00e9mun\u00e9ration d\u2019Eckler.<\/label>\n\t\t\t\t\t\t\t<\/li><\/ul><\/div><\/li><li id=\"field_22_5\" class=\"gfield gfield--type-html casl full-width gfield_html gfield_html_formatted gfield_no_follows_desc field_sublabel_below gfield--no-description field_description_below field_validation_below gfield_visibility_visible\"  >En soumettant ce formulaire, vous consentez \u00e0 recevoir des courriels d\u2019\u00e9ducation et de marketing de : Eckler lt\u00e9e, 1801, avenue McGill College, bureau 1460, Montr\u00e9al, Qu\u00e9bec Canada, www.eckler.ca. Vous pouvez retirer en tout temps votre consentement \u00e0 recevoir des courriels.<\/li><\/ul><\/div>\n        <div class='gform-footer gform_footer top_label'> <button type=\"submit\" id=\"gform_submit_button_22\" class=\"gform_button button\" onclick=\"gform.submission.handleButtonClick(this);\" data-submission-type=\"submit\"><span>Submit<\/span><i class=\"fa fa-angle-right\"><\/i><\/button> \n            <input type='hidden' class='gform_hidden' name='gform_submission_method' data-js='gform_submission_method_22' value='postback' \/>\n            <input type='hidden' class='gform_hidden' name='gform_theme' data-js='gform_theme_22' id='gform_theme_22' value='legacy' \/>\n            <input type='hidden' class='gform_hidden' name='gform_style_settings' data-js='gform_style_settings_22' id='gform_style_settings_22' value='[]' \/>\n            <input type='hidden' class='gform_hidden' name='is_submit_22' value='1' \/>\n            <input type='hidden' class='gform_hidden' name='gform_submit' value='22' \/>\n            \n            <input type='hidden' class='gform_hidden' name='gform_currency' data-currency='CAD' value='m7mfAixfmDAKExOLNk8+7deIGBah8\/TqzkDH3Thd9foV+iOerTGSlOXkoVjWn+kgkZVyFnkk3bv5mr1FJPXayXryE7nzeJaDFTiIQmBSucwB7kc=' \/>\n            <input type='hidden' class='gform_hidden' name='gform_unique_id' value='' \/>\n            <input type='hidden' class='gform_hidden' name='state_22' value='WyJbXSIsIjNhNWQ1MTA2MzM2Nzg2NTI2ZTRjZGQ1ZWU3Nzg1MTQyIl0=' \/>\n            <input type='hidden' autocomplete='off' class='gform_hidden' name='gform_target_page_number_22' id='gform_target_page_number_22' value='0' \/>\n            <input type='hidden' autocomplete='off' class='gform_hidden' name='gform_source_page_number_22' id='gform_source_page_number_22' value='1' \/>\n            <input type='hidden' name='gform_field_values' value='' \/>\n            \n        <\/div>\n                        <p style=\"display: none !important;\" class=\"akismet-fields-container\" data-prefix=\"ak_\"><label>&#916;<textarea name=\"ak_hp_textarea\" cols=\"45\" rows=\"8\" maxlength=\"100\"><\/textarea><\/label><input type=\"hidden\" id=\"ak_js_1\" name=\"ak_js\" value=\"172\"\/><script>document.getElementById( \"ak_js_1\" ).setAttribute( \"value\", ( new Date() ).getTime() );<\/script><\/p><\/form>\n                        <\/div><script type=\"text\/javascript\">\n\/* <![CDATA[ *\/\n gform.initializeOnLoaded( function() {gformInitSpinner( 22, 'https:\/\/www.eckler.ca\/app\/themes\/eckler\/images\/loader.gif', true );jQuery('#gform_ajax_frame_22').on('load',function(){var contents = jQuery(this).contents().find('*').html();var is_postback = contents.indexOf('GF_AJAX_POSTBACK') >= 0;if(!is_postback){return;}var form_content = jQuery(this).contents().find('#gform_wrapper_22');var is_confirmation = jQuery(this).contents().find('#gform_confirmation_wrapper_22').length > 0;var is_redirect = contents.indexOf('gformRedirect(){') >= 0;var is_form = form_content.length > 0 && ! is_redirect && ! is_confirmation;var mt = parseInt(jQuery('html').css('margin-top'), 10) + parseInt(jQuery('body').css('margin-top'), 10) + 100;if(is_form){jQuery('#gform_wrapper_22').html(form_content.html());if(form_content.hasClass('gform_validation_error')){jQuery('#gform_wrapper_22').addClass('gform_validation_error');} else {jQuery('#gform_wrapper_22').removeClass('gform_validation_error');}setTimeout( function() { \/* delay the scroll by 50 milliseconds to fix a bug in chrome *\/ jQuery(document).scrollTop(jQuery('#gform_wrapper_22').offset().top - mt); }, 50 );if(window['gformInitDatepicker']) {gformInitDatepicker();}if(window['gformInitPriceFields']) {gformInitPriceFields();}var current_page = jQuery('#gform_source_page_number_22').val();gformInitSpinner( 22, 'https:\/\/www.eckler.ca\/app\/themes\/eckler\/images\/loader.gif', true );jQuery(document).trigger('gform_page_loaded', [22, current_page]);window['gf_submitting_22'] = false;}else if(!is_redirect){var confirmation_content = jQuery(this).contents().find('.GF_AJAX_POSTBACK').html();if(!confirmation_content){confirmation_content = contents;}jQuery('#gform_wrapper_22').replaceWith(confirmation_content);jQuery(document).scrollTop(jQuery('#gf_22').offset().top - mt);jQuery(document).trigger('gform_confirmation_loaded', [22]);window['gf_submitting_22'] = false;wp.a11y.speak(jQuery('#gform_confirmation_message_22').text());}else{jQuery('#gform_22').append(contents);if(window['gformRedirect']) {gformRedirect();}}jQuery(document).trigger(\"gform_pre_post_render\", [{ formId: \"22\", currentPage: \"current_page\", abort: function() { this.preventDefault(); } }]);        if (event && event.defaultPrevented) {                return;        }        const gformWrapperDiv = document.getElementById( \"gform_wrapper_22\" );        if ( gformWrapperDiv ) {            const visibilitySpan = document.createElement( \"span\" );            visibilitySpan.id = \"gform_visibility_test_22\";            gformWrapperDiv.insertAdjacentElement( \"afterend\", visibilitySpan );        }        const visibilityTestDiv = document.getElementById( \"gform_visibility_test_22\" );        let postRenderFired = false;        function triggerPostRender() {            if ( postRenderFired ) {                return;            }            postRenderFired = true;            gform.core.triggerPostRenderEvents( 22, current_page );            if ( visibilityTestDiv ) {                visibilityTestDiv.parentNode.removeChild( visibilityTestDiv );            }        }        function debounce( func, wait, immediate ) {            var timeout;            return function() {                var context = this, args = arguments;                var later = function() {                    timeout = null;                    if ( !immediate ) func.apply( context, args );                };                var callNow = immediate && !timeout;                clearTimeout( timeout );                timeout = setTimeout( later, wait );                if ( callNow ) func.apply( context, args );            };        }        const debouncedTriggerPostRender = debounce( function() {            triggerPostRender();        }, 200 );        if ( visibilityTestDiv && visibilityTestDiv.offsetParent === null ) {            const observer = new MutationObserver( ( mutations ) => {                mutations.forEach( ( mutation ) => {                    if ( mutation.type === 'attributes' && visibilityTestDiv.offsetParent !== null ) {                        debouncedTriggerPostRender();                        observer.disconnect();                    }                });            });            observer.observe( document.body, {                attributes: true,                childList: false,                subtree: true,                attributeFilter: [ 'style', 'class' ],            });        } else {            triggerPostRender();        }    } );} ); \n\/* ]]> *\/\n<\/script>\n[\/basic_container][\/vc_column][\/vc_row][vc_row][vc_column]<div class=\"templatera_shortcode\"><div class=\"vc_row wpb_row vc_row-fluid\"><div class=\"wpb_column vc_column_container vc_col-sm-12\"><div class=\"vc_column-inner\"><div class=\"wpb_wrapper\">\t<div class=\"row\">\n\t\t<div class=\"general-cta background-image-loading    image \"  data-src=\"<149:https:\/\/www.eckler.ca\/app\/uploads\/2019\/03\/bg-1-450x150.jpg,<319:https:\/\/www.eckler.ca\/app\/uploads\/2019\/03\/bg-1-960x320.jpg,<479:https:\/\/www.eckler.ca\/app\/uploads\/2019\/03\/bg-1-1440x480.jpg,<767:https:\/\/www.eckler.ca\/app\/uploads\/2019\/03\/bg-1-2200x733.jpg,<991:https:\/\/www.eckler.ca\/app\/uploads\/2019\/03\/bg-1-2200x733.jpg,<1199:https:\/\/www.eckler.ca\/app\/uploads\/2019\/03\/bg-1-2200x733.jpg,<1399:https:\/\/www.eckler.ca\/app\/uploads\/2019\/03\/bg-1-2200x733.jpg,<1599:https:\/\/www.eckler.ca\/app\/uploads\/2019\/03\/bg-1-2880x959.jpg,>1600:https:\/\/www.eckler.ca\/app\/uploads\/2019\/03\/bg-1-2880x959.jpg\">\n\t\t\t\t\t\t<div class=\"general-cta-overlay none\"><\/div>\n\t\t\t<div class=\"container\">\n\t\t\t\t<div class=\"row\">\n\t\t\t\t\t<div class=\"general-cta-box\">\n\t\t\t\t\t\t\t\t\t\t\t\t\t\t\t\t\t\t\t<div class=\"general-cta-content\">\n\t\t\t\t\t\t\t\t<h2 style=\"text-align: center;\"><span style=\"color: #ffffff;\">Let's Start a Conversation<\/span><\/h2>\n<h3 style=\"text-align: center;\"><span style=\"color: #ffffff;\">How Can We Help?<\/span><\/h3>\n\t\t\t\t\t\t\t<\/div>\n\t\t\t\t\t\t\t\t\t\t\t\t\t\t\t\t\t\t\t<div class=\"general-cta-button\">\n\t\t\t\t\t\t\t\t<a href=\"https:\/\/www.eckler.ca\/lets-talk\/\" target=\"\" class=\"btn btn-primary btn-solid\" title=\"Let\u2019s Talk\">\n\t\t\t\t\t\t\t\t\tLet's Talk<span class=\"icon icon-chevron-right\"><\/span> \t\t\t\t\t\t\t\t<\/a>\n\t\t\t\t\t\t\t<\/div>\n\t\t\t\t\t    \t\t\t\t\t<\/div>\n\t\t\t\t<\/div>\n\t\t\t<\/div>\n\t\t<\/div>\n\t<\/div>\n<\/div><\/div><\/div><\/div><\/div>[\/vc_column][\/vc_row][vc_row][vc_column]\n<div class=\"blogs-items blogs-no-category-sidebar blogs-items-layout-default\">\n\t\t\t\t\t\t\t\t\t<div class=\"blogs-item blogs-item-inscrivez-vous-des-maintenant-participez-a-lenquete-danalyse-comparative-de-la-remuneration-2026-deckler blogs-item-post blogs-cat-199 blogs-cat-374 blogs-cat-591\" >\n\t\t\t\t\t\t\t\t<a class=\"blogs-item-link\" href=\"https:\/\/www.eckler.ca\/fr\/inscrivez-vous-des-maintenant-participez-a-lenquete-danalyse-comparative-de-la-remuneration-2026-deckler\/\">\n\t\t\t\t\t\t\t\t\t\t\t<div class=\"blogs-item-image\" style=\"background-image: url(https:\/\/www.eckler.ca\/app\/uploads\/2024\/02\/iStock-2163146316-720x405.jpg)\"><\/div>\n\t\t\t\t\t\t\t\t\t\t<div class=\"blogs-item-content\">\n\t\t\t\t\t\t<div class=\"blogs-item-content-text\">\n\t\t\t\t\t\t\t\t\t\t\t\t\t\t\t<h2 class=\"h3 blogs-item-heading\">\n\t\t\t\t\t\t\t\t\tInscrivez-vous d\u00e8s maintenant! Participez \u00e0 l\u2019enqu\u00eate d\u2019analyse comparative de la r\u00e9mun\u00e9ration 2026 d\u2019Eckler\t\t\t\t\t\t\t\t<\/h2>\n\t\t\t\t\t\t\t\t\t\t\t\t\t\t<div class=\"blogs-item-date\">\n\t\t\t\t\t\t\t\t\t\t\t\t\t\t\t\t\t2 mars 2026\t\t\t\t\t\t\t\t\t\t\t\t\t\t\t\t<div class=\"blogs-item-category\">\n\t\t\t\t\t\t\t\t\tActualit\u00e9s - Entreprise, Surveys\t\t\t\t\t\t\t\t<\/div>\n\t\t\t\t\t\t\t<\/div>\n\t\t\t\t\t\t\t<div class=\"blogs-item-excerpt\">\n\t\t\t\t\t\t\t\t<p>Cherchez-vous des donn\u00e9es fiables et objectives afin de vous assurer que les programmes de r\u00e9mun\u00e9ration de votre organisation sont comp\u00e9titifs, \u00e9quitables et attrayants pour les ...<\/p>\n\t\t\t\t\t\t\t<\/div>\n\t\t\t\t\t\t<\/div>\n\t\t\t\t\t\t<div class=\"blogs-item-btn\">\n\t\t\t\t\t\t\t\t\t\t\t\t\t\t\t<span class=\"btn btn-link btn-blogs-item\">\n\t\t\t\t\t\t\t\t\tEn savoir plus<i class=\"icon-chevron-right\"><\/i>\n\t\t\t\t\t\t\t\t<\/span>\n\t\t\t\t\t\t\t\t\t\t\t\t\t<\/div>\n\t\t\t\t\t<\/div>\n\t\t\t\t<\/a>\n\t\t\t<\/div>\n\t\t\t\t\t\t\t\t<div class=\"blogs-item blogs-item-les-augmentations-salariales-au-canada-chuteront-a-33-en-2026 blogs-item-post blogs-cat-199 blogs-cat-374 blogs-cat-557 blogs-cat-591\" >\n\t\t\t\t\t\t\t\t<a class=\"blogs-item-link\" href=\"https:\/\/www.eckler.ca\/fr\/les-augmentations-salariales-au-canada-chuteront-a-33-en-2026\/\">\n\t\t\t\t\t\t\t\t\t\t\t<div class=\"blogs-item-image\" style=\"background-image: url(https:\/\/www.eckler.ca\/app\/uploads\/2025\/10\/iStock-2187008036-720x405.jpg)\"><\/div>\n\t\t\t\t\t\t\t\t\t\t<div class=\"blogs-item-content\">\n\t\t\t\t\t\t<div class=\"blogs-item-content-text\">\n\t\t\t\t\t\t\t\t\t\t\t\t\t\t\t<h2 class=\"h3 blogs-item-heading\">\n\t\t\t\t\t\t\t\t\tLes augmentations salariales au Canada chuteront \u00e0 3,3 % en 2026\t\t\t\t\t\t\t\t<\/h2>\n\t\t\t\t\t\t\t\t\t\t\t\t\t\t<div class=\"blogs-item-date\">\n\t\t\t\t\t\t\t\t\t\t\t\t\t\t\t\t\t16 octobre 2025\t\t\t\t\t\t\t\t\t\t\t\t\t\t\t\t<div class=\"blogs-item-category\">\n\t\t\t\t\t\t\t\t\tActualit\u00e9s - Entreprise, Surveys\t\t\t\t\t\t\t\t<\/div>\n\t\t\t\t\t\t\t<\/div>\n\t\t\t\t\t\t\t<div class=\"blogs-item-excerpt\">\n\t\t\t\t\t\t\t\t<p>L\u2019enqu\u00eate d\u2019Eckler r\u00e9v\u00e8le que les augmentations salariales au Canada ralentiront \u00e0 3,3 % en 2026, dans un contexte d\u2019incertitude \u00e9conomique TORONTO, CA, 16 octobre 2025\u2014Les ...<\/p>\n\t\t\t\t\t\t\t<\/div>\n\t\t\t\t\t\t<\/div>\n\t\t\t\t\t\t<div class=\"blogs-item-btn\">\n\t\t\t\t\t\t\t\t\t\t\t\t\t\t\t<span class=\"btn btn-link btn-blogs-item\">\n\t\t\t\t\t\t\t\t\tEn savoir plus<i class=\"icon-chevron-right\"><\/i>\n\t\t\t\t\t\t\t\t<\/span>\n\t\t\t\t\t\t\t\t\t\t\t\t\t<\/div>\n\t\t\t\t\t<\/div>\n\t\t\t\t<\/a>\n\t\t\t<\/div>\n\t\t\t\t\t\t\t\t<div class=\"blogs-item blogs-item-participez-maintenant-enquete-eplanning-sur-la-remuneration-2026-deckler blogs-item-post blogs-cat-374 blogs-cat-557 blogs-cat-591\" >\n\t\t\t\t\t\t\t\t<a class=\"blogs-item-link\" href=\"https:\/\/www.eckler.ca\/fr\/participez-maintenant-enquete-eplanning-sur-la-remuneration-2026-deckler\/\">\n\t\t\t\t\t\t\t\t\t\t\t<div class=\"blogs-item-image\" style=\"background-image: url(https:\/\/www.eckler.ca\/app\/uploads\/2023\/07\/iStock-2210168720-720x405.jpg)\"><\/div>\n\t\t\t\t\t\t\t\t\t\t<div class=\"blogs-item-content\">\n\t\t\t\t\t\t<div class=\"blogs-item-content-text\">\n\t\t\t\t\t\t\t\t\t\t\t\t\t\t\t<h2 class=\"h3 blogs-item-heading\">\n\t\t\t\t\t\t\t\t\tParticipez maintenant ! ePlanning sur la r\u00e9mun\u00e9ration 2026 d\u2019Eckler\t\t\t\t\t\t\t\t<\/h2>\n\t\t\t\t\t\t\t\t\t\t\t\t\t\t<div class=\"blogs-item-date\">\n\t\t\t\t\t\t\t\t\t\t\t\t\t\t\t\t\t15 juillet 2025\t\t\t\t\t\t\t\t\t\t\t\t\t\t\t\t<div class=\"blogs-item-category\">\n\t\t\t\t\t\t\t\t\tSurveys\t\t\t\t\t\t\t\t<\/div>\n\t\t\t\t\t\t\t<\/div>\n\t\t\t\t\t\t\t<div class=\"blogs-item-excerpt\">\n\t\t\t\t\t\t\t\t<p>Nous sommes fiers de vous pr\u00e9senter et de vous inviter \u00e0 participer \u00e0 la premi\u00e8re enqu\u00eate nationale d'Eckler sur l'analyse comparative de la r\u00e9mun\u00e9ration. Depuis ...<\/p>\n\t\t\t\t\t\t\t<\/div>\n\t\t\t\t\t\t<\/div>\n\t\t\t\t\t\t<div class=\"blogs-item-btn\">\n\t\t\t\t\t\t\t\t\t\t\t\t\t\t\t<span class=\"btn btn-link btn-blogs-item\">\n\t\t\t\t\t\t\t\t\tEn savoir plus<i class=\"icon-chevron-right\"><\/i>\n\t\t\t\t\t\t\t\t<\/span>\n\t\t\t\t\t\t\t\t\t\t\t\t\t<\/div>\n\t\t\t\t\t<\/div>\n\t\t\t\t<\/a>\n\t\t\t<\/div>\n\t\t\t\t\t\t\t\t<div class=\"blogs-item blogs-item-bientot-disponible-enquete-deckler-sur-la-planification-des-remunerations-2026 blogs-item-post blogs-cat-374 blogs-cat-557 blogs-cat-591\" >\n\t\t\t\t\t\t\t\t<a class=\"blogs-item-link\" href=\"https:\/\/www.eckler.ca\/fr\/bientot-disponible-enquete-deckler-sur-la-planification-des-remunerations-2026\/\">\n\t\t\t\t\t\t\t\t\t\t\t<div class=\"blogs-item-image\" style=\"background-image: url(https:\/\/www.eckler.ca\/app\/uploads\/2025\/07\/iStock-2187008036-720x405.jpg)\"><\/div>\n\t\t\t\t\t\t\t\t\t\t<div class=\"blogs-item-content\">\n\t\t\t\t\t\t<div class=\"blogs-item-content-text\">\n\t\t\t\t\t\t\t\t\t\t\t\t\t\t\t<h2 class=\"h3 blogs-item-heading\">\n\t\t\t\t\t\t\t\t\t\u00c0 venir le 15 juillet ! Enqu\u00eate d&#8217;Eckler sur la planification des r\u00e9mun\u00e9rations 2026\t\t\t\t\t\t\t\t<\/h2>\n\t\t\t\t\t\t\t\t\t\t\t\t\t\t<div class=\"blogs-item-date\">\n\t\t\t\t\t\t\t\t\t\t\t\t\t\t\t\t\t9 juillet 2025\t\t\t\t\t\t\t\t\t\t\t\t\t\t\t\t<div class=\"blogs-item-category\">\n\t\t\t\t\t\t\t\t\tSurveys\t\t\t\t\t\t\t\t<\/div>\n\t\t\t\t\t\t\t<\/div>\n\t\t\t\t\t\t\t<div class=\"blogs-item-excerpt\">\n\t\t\t\t\t\t\t\t<p>\u00c0 venir le 15 juillet !\u00a0 Enqu\u00eate d'Eckler sur la planification des r\u00e9mun\u00e9rations 2026 Les employeurs d'aujourd'hui naviguent dans un paysage complexe, cherchant \u00e0 \u00e9quilibrer ...<\/p>\n\t\t\t\t\t\t\t<\/div>\n\t\t\t\t\t\t<\/div>\n\t\t\t\t\t\t<div class=\"blogs-item-btn\">\n\t\t\t\t\t\t\t\t\t\t\t\t\t\t\t<span class=\"btn btn-link btn-blogs-item\">\n\t\t\t\t\t\t\t\t\tEn savoir plus<i class=\"icon-chevron-right\"><\/i>\n\t\t\t\t\t\t\t\t<\/span>\n\t\t\t\t\t\t\t\t\t\t\t\t\t<\/div>\n\t\t\t\t\t<\/div>\n\t\t\t\t<\/a>\n\t\t\t<\/div>\n\t\t\t\t\t\t\t\t<div class=\"blogs-item blogs-item-bientot-disponible-enquete-comparative-sur-la-remuneration-2025-deckler blogs-item-post blogs-cat-374 blogs-cat-557 blogs-cat-591\" >\n\t\t\t\t\t\t\t\t<a class=\"blogs-item-link\" href=\"https:\/\/www.eckler.ca\/fr\/bientot-disponible-enquete-comparative-sur-la-remuneration-2025-deckler\/\">\n\t\t\t\t\t\t\t\t\t\t\t<div class=\"blogs-item-image\" style=\"background-image: url(https:\/\/www.eckler.ca\/app\/uploads\/2024\/12\/AdobeStock_759659573-720x405.jpeg)\"><\/div>\n\t\t\t\t\t\t\t\t\t\t<div class=\"blogs-item-content\">\n\t\t\t\t\t\t<div class=\"blogs-item-content-text\">\n\t\t\t\t\t\t\t\t\t\t\t\t\t\t\t<h2 class=\"h3 blogs-item-heading\">\n\t\t\t\t\t\t\t\t\tBient\u00f4t disponible!\u00a0 Enqu\u00eate comparative sur la r\u00e9mun\u00e9ration 2025 d&#8217;Eckler\t\t\t\t\t\t\t\t<\/h2>\n\t\t\t\t\t\t\t\t\t\t\t\t\t\t<div class=\"blogs-item-date\">\n\t\t\t\t\t\t\t\t\t\t\t\t\t\t\t\t\t17 d\u00e9cembre 2024\t\t\t\t\t\t\t\t\t\t\t\t\t\t\t\t<div class=\"blogs-item-category\">\n\t\t\t\t\t\t\t\t\tSurveys\t\t\t\t\t\t\t\t<\/div>\n\t\t\t\t\t\t\t<\/div>\n\t\t\t\t\t\t\t<div class=\"blogs-item-excerpt\">\n\t\t\t\t\t\t\t\t<p>Bient\u00f4t disponible!\u00a0 Enqu\u00eate comparative sur la r\u00e9mun\u00e9ration 2025 d'Eckler Notre enqu\u00eate nationale sur la r\u00e9mun\u00e9ration vous offre un acc\u00e8s flexible aux donn\u00e9es du march\u00e9 gr\u00e2ce ...<\/p>\n\t\t\t\t\t\t\t<\/div>\n\t\t\t\t\t\t<\/div>\n\t\t\t\t\t\t<div class=\"blogs-item-btn\">\n\t\t\t\t\t\t\t\t\t\t\t\t\t\t\t<span class=\"btn btn-link btn-blogs-item\">\n\t\t\t\t\t\t\t\t\tEn savoir plus<i class=\"icon-chevron-right\"><\/i>\n\t\t\t\t\t\t\t\t<\/span>\n\t\t\t\t\t\t\t\t\t\t\t\t\t<\/div>\n\t\t\t\t\t<\/div>\n\t\t\t\t<\/a>\n\t\t\t<\/div>\n\t\t\t\t\t\t\t\t<div class=\"blogs-item blogs-item-lenquete-eckler-revele-que-les-augmentations-salariales-continueront-a-depasser-linflation blogs-item-post blogs-cat-199 blogs-cat-374 blogs-cat-591\" >\n\t\t\t\t\t\t\t\t<a class=\"blogs-item-link\" href=\"https:\/\/www.eckler.ca\/fr\/lenquete-eckler-revele-que-les-augmentations-salariales-continueront-a-depasser-linflation\/\">\n\t\t\t\t\t\t\t\t\t\t\t<div class=\"blogs-item-image\" style=\"background-image: url(https:\/\/www.eckler.ca\/app\/uploads\/2024\/09\/CompSurvey-2025-iStock-1344582573-scaled-720x405.jpg)\"><\/div>\n\t\t\t\t\t\t\t\t\t\t<div class=\"blogs-item-content\">\n\t\t\t\t\t\t<div class=\"blogs-item-content-text\">\n\t\t\t\t\t\t\t\t\t\t\t\t\t\t\t<h2 class=\"h3 blogs-item-heading\">\n\t\t\t\t\t\t\t\t\tL\u2019enqu\u00eate Eckler r\u00e9v\u00e8le que les augmentations salariales continueront \u00e0 d\u00e9passer l\u2019inflation\t\t\t\t\t\t\t\t<\/h2>\n\t\t\t\t\t\t\t\t\t\t\t\t\t\t<div class=\"blogs-item-date\">\n\t\t\t\t\t\t\t\t\t\t\t\t\t\t\t\t\t16 September 2024\t\t\t\t\t\t\t\t\t\t\t\t\t\t\t\t<div class=\"blogs-item-category\">\n\t\t\t\t\t\t\t\t\tActualit\u00e9s - Entreprise, Surveys\t\t\t\t\t\t\t\t<\/div>\n\t\t\t\t\t\t\t<\/div>\n\t\t\t\t\t\t\t<div class=\"blogs-item-excerpt\">\n\t\t\t\t\t\t\t\t<p>L\u2019augmentation moyenne nationale du salaire de base pour 2025 devrait \u00eatre de 3,6 %, la Colombie-Britannique arrivant en t\u00eate de toutes les provinces avec 3,9 ...<\/p>\n\t\t\t\t\t\t\t<\/div>\n\t\t\t\t\t\t<\/div>\n\t\t\t\t\t\t<div class=\"blogs-item-btn\">\n\t\t\t\t\t\t\t\t\t\t\t\t\t\t\t<span class=\"btn btn-link btn-blogs-item\">\n\t\t\t\t\t\t\t\t\tEn savoir plus<i class=\"icon-chevron-right\"><\/i>\n\t\t\t\t\t\t\t\t<\/span>\n\t\t\t\t\t\t\t\t\t\t\t\t\t<\/div>\n\t\t\t\t\t<\/div>\n\t\t\t\t<\/a>\n\t\t\t<\/div>\n\t\t\t\t\t\t\t\t<div class=\"blogs-item blogs-item-enquete-deckler-sur-la-planification-de-la-remuneration-pour-2024 blogs-item-post blogs-cat-371\" >\n\t\t\t\t\t\t\t\t<a class=\"blogs-item-link\" href=\"https:\/\/www.eckler.ca\/fr\/enquete-deckler-sur-la-planification-de-la-remuneration-pour-2024\/\">\n\t\t\t\t\t\t\t\t\t\t\t<div class=\"blogs-item-image\" style=\"background-image: url(https:\/\/www.eckler.ca\/app\/uploads\/2022\/07\/CompHeader-GettyImages-692271070-1-720x405.jpg)\"><\/div>\n\t\t\t\t\t\t\t\t\t\t<div class=\"blogs-item-content\">\n\t\t\t\t\t\t<div class=\"blogs-item-content-text\">\n\t\t\t\t\t\t\t\t\t\t\t\t\t\t\t<h2 class=\"h3 blogs-item-heading\">\n\t\t\t\t\t\t\t\t\tEnqu\u00eate d&#8217;Eckler sur la planification de la r\u00e9mun\u00e9ration 2024 : Le r\u00e9sum\u00e9 est maintenant disponible\t\t\t\t\t\t\t\t<\/h2>\n\t\t\t\t\t\t\t\t\t\t\t\t\t\t<div class=\"blogs-item-date\">\n\t\t\t\t\t\t\t\t\t\t\t\t\t\t\t\t\t11 octobre 2023\t\t\t\t\t\t\t\t\t\t\t\t\t\t\t\t<div class=\"blogs-item-category\">\n\t\t\t\t\t\t\t\t\t\t\t\t\t\t\t\t\t<\/div>\n\t\t\t\t\t\t\t<\/div>\n\t\t\t\t\t\t\t<div class=\"blogs-item-excerpt\">\n\t\t\t\t\t\t\t\t<p>Merci de votre participation! Le rapport de l'enqu\u00eate d'Eckler sur la planification de la r\u00e9mun\u00e9ration pour 2024 est d\u00e9sormais disponible<\/p>\n\t\t\t\t\t\t\t<\/div>\n\t\t\t\t\t\t<\/div>\n\t\t\t\t\t\t<div class=\"blogs-item-btn\">\n\t\t\t\t\t\t\t\t\t\t\t\t\t\t\t<span class=\"btn btn-link btn-blogs-item\">\n\t\t\t\t\t\t\t\t\tEn savoir plus<i class=\"icon-chevron-right\"><\/i>\n\t\t\t\t\t\t\t\t<\/span>\n\t\t\t\t\t\t\t\t\t\t\t\t\t<\/div>\n\t\t\t\t\t<\/div>\n\t\t\t\t<\/a>\n\t\t\t<\/div>\n\t\t\t\t\t\t\t\t<div class=\"blogs-item blogs-item-les-employeurs-canadiens-prevoient-dimportantes-augmentations-de-salaire-malgre-la-situation-economique-difficile-selon-l-enquete-deckler blogs-item-post blogs-cat-199 blogs-cat-371 blogs-cat-374 blogs-cat-27 blogs-cat-591\" >\n\t\t\t\t\t\t\t\t<a class=\"blogs-item-link\" href=\"https:\/\/www.eckler.ca\/fr\/les-employeurs-canadiens-prevoient-dimportantes-augmentations-de-salaire-malgre-la-situation-economique-difficile-selon-l-enquete-deckler\/\">\n\t\t\t\t\t\t\t\t\t\t\t<div class=\"blogs-item-image\" style=\"background-image: url(https:\/\/www.eckler.ca\/app\/uploads\/2022\/09\/GettyImages-1462209290-scaled-720x405.jpg)\"><\/div>\n\t\t\t\t\t\t\t\t\t\t<div class=\"blogs-item-content\">\n\t\t\t\t\t\t<div class=\"blogs-item-content-text\">\n\t\t\t\t\t\t\t\t\t\t\t\t\t\t\t<h2 class=\"h3 blogs-item-heading\">\n\t\t\t\t\t\t\t\t\tLes employeurs canadiens pr\u00e9voient d\u2019importantes augmentations de salaire malgr\u00e9 la situation \u00e9conomique difficile, selon l\u2019enqu\u00eate d\u2019Eckler\t\t\t\t\t\t\t\t<\/h2>\n\t\t\t\t\t\t\t\t\t\t\t\t\t\t<div class=\"blogs-item-date\">\n\t\t\t\t\t\t\t\t\t\t\t\t\t\t\t\t\t27 September 2023\t\t\t\t\t\t\t\t\t\t\t\t\t\t\t\t<div class=\"blogs-item-category\">\n\t\t\t\t\t\t\t\t\tActualit\u00e9s - Entreprise, News, Surveys\t\t\t\t\t\t\t\t<\/div>\n\t\t\t\t\t\t\t<\/div>\n\t\t\t\t\t\t\t<div class=\"blogs-item-excerpt\">\n\t\t\t\t\t\t\t\t<p>Les entreprises chercheront-elles \u00e0 actualiser leur strat\u00e9gie de r\u00e9mun\u00e9ration globale alors que la chasse aux talents se poursuit? TORONTO (CANADA), le 27 septembre 2023 \u2014 ...<\/p>\n\t\t\t\t\t\t\t<\/div>\n\t\t\t\t\t\t<\/div>\n\t\t\t\t\t\t<div class=\"blogs-item-btn\">\n\t\t\t\t\t\t\t\t\t\t\t\t\t\t\t<span class=\"btn btn-link btn-blogs-item\">\n\t\t\t\t\t\t\t\t\tEn savoir plus<i class=\"icon-chevron-right\"><\/i>\n\t\t\t\t\t\t\t\t<\/span>\n\t\t\t\t\t\t\t\t\t\t\t\t\t<\/div>\n\t\t\t\t\t<\/div>\n\t\t\t\t<\/a>\n\t\t\t<\/div>\n\t\t\t\t\t\t\t\t<div class=\"blogs-item blogs-item-les-chiffres-sont-la blogs-item-post blogs-cat-199 blogs-cat-374\" >\n\t\t\t\t\t\t\t\t<a class=\"blogs-item-link\" href=\"https:\/\/www.eckler.ca\/fr\/les-chiffres-sont-la\/\">\n\t\t\t\t\t\t\t\t\t\t\t<div class=\"blogs-item-image\" style=\"background-image: url(https:\/\/www.eckler.ca\/app\/uploads\/2022\/07\/CompHeader-GettyImages-692271070-1-720x405.jpg)\"><\/div>\n\t\t\t\t\t\t\t\t\t\t<div class=\"blogs-item-content\">\n\t\t\t\t\t\t<div class=\"blogs-item-content-text\">\n\t\t\t\t\t\t\t\t\t\t\t\t\t\t\t<h2 class=\"h3 blogs-item-heading\">\n\t\t\t\t\t\t\t\t\tLes chiffres sont l\u00e0&#8230;\t\t\t\t\t\t\t\t<\/h2>\n\t\t\t\t\t\t\t\t\t\t\t\t\t\t<div class=\"blogs-item-date\">\n\t\t\t\t\t\t\t\t\t\t\t\t\t\t\t\t\t5 September 2023\t\t\t\t\t\t\t\t\t\t\t\t\t\t\t\t<div class=\"blogs-item-category\">\n\t\t\t\t\t\t\t\t\tActualit\u00e9s - Entreprise\t\t\t\t\t\t\t\t<\/div>\n\t\t\t\t\t\t\t<\/div>\n\t\t\t\t\t\t\t<div class=\"blogs-item-excerpt\">\n\t\t\t\t\t\t\t\t<p>L'enqu\u00eate d'Eckler sur la planification de la r\u00e9mun\u00e9ration pour 2024 r\u00e9v\u00e8le que les employeurs \u00e0 travers le Canada pr\u00e9voient des augmentations de salaire de base ...<\/p>\n\t\t\t\t\t\t\t<\/div>\n\t\t\t\t\t\t<\/div>\n\t\t\t\t\t\t<div class=\"blogs-item-btn\">\n\t\t\t\t\t\t\t\t\t\t\t\t\t\t\t<span class=\"btn btn-link btn-blogs-item\">\n\t\t\t\t\t\t\t\t\tEn savoir plus<i class=\"icon-chevron-right\"><\/i>\n\t\t\t\t\t\t\t\t<\/span>\n\t\t\t\t\t\t\t\t\t\t\t\t\t<\/div>\n\t\t\t\t\t<\/div>\n\t\t\t\t<\/a>\n\t\t\t<\/div>\n\t\t\t\t\t\t\t\t<div class=\"blogs-item blogs-item-enquete-sur-la-planification-de-la-remuneration-deckler blogs-item-post\" >\n\t\t\t\t\t\t\t\t<a class=\"blogs-item-link\" href=\"https:\/\/www.eckler.ca\/fr\/enquete-sur-la-planification-de-la-remuneration-deckler\/\">\n\t\t\t\t\t\t\t\t\t\t\t<div class=\"blogs-item-image\" style=\"background-image: url(https:\/\/www.eckler.ca\/app\/uploads\/2022\/07\/CompHeader-GettyImages-692271070-1-720x405.jpg)\"><\/div>\n\t\t\t\t\t\t\t\t\t\t<div class=\"blogs-item-content\">\n\t\t\t\t\t\t<div class=\"blogs-item-content-text\">\n\t\t\t\t\t\t\t\t\t\t\t\t\t\t\t<h2 class=\"h3 blogs-item-heading\">\n\t\t\t\t\t\t\t\t\tParticipez maintenant : Enqu\u00eate sur la planification de la r\u00e9mun\u00e9ration 2024 d\u2019Eckler\t\t\t\t\t\t\t\t<\/h2>\n\t\t\t\t\t\t\t\t\t\t\t\t\t\t<div class=\"blogs-item-date\">\n\t\t\t\t\t\t\t\t\t\t\t\t\t\t\t\t\t11 juillet 2023\t\t\t\t\t\t\t\t\t\t\t\t\t\t\t\t<div class=\"blogs-item-category\">\n\t\t\t\t\t\t\t\t\t\t\t\t\t\t\t\t\t<\/div>\n\t\t\t\t\t\t\t<\/div>\n\t\t\t\t\t\t\t<div class=\"blogs-item-excerpt\">\n\t\t\t\t\t\t\t\t<p>Participez maintenant : Enqu\u00eate sur la planification de la\u00a0r\u00e9mun\u00e9ration 2024 d'Eckler Vous voulez maximiser votre budget salarial pour 2024 dans le contexte d\u2019une p\u00e9nurie de ...<\/p>\n\t\t\t\t\t\t\t<\/div>\n\t\t\t\t\t\t<\/div>\n\t\t\t\t\t\t<div class=\"blogs-item-btn\">\n\t\t\t\t\t\t\t\t\t\t\t\t\t\t\t<span class=\"btn btn-link btn-blogs-item\">\n\t\t\t\t\t\t\t\t\tEn savoir plus<i class=\"icon-chevron-right\"><\/i>\n\t\t\t\t\t\t\t\t<\/span>\n\t\t\t\t\t\t\t\t\t\t\t\t\t<\/div>\n\t\t\t\t\t<\/div>\n\t\t\t\t<\/a>\n\t\t\t<\/div>\n\t\t\t\t\t\t\t\t<div class=\"blogs-item blogs-item-nous-sommes-en-pleine-croissance-nouvelle-pratique-de-conseil-en-remuneration blogs-item-post blogs-cat-164 blogs-cat-371\" >\n\t\t\t\t\t\t\t\t<a class=\"blogs-item-link\" href=\"https:\/\/www.eckler.ca\/fr\/nous-sommes-en-pleine-croissance-nouvelle-pratique-de-conseil-en-remuneration\/\">\n\t\t\t\t\t\t\t\t\t\t\t<div class=\"blogs-item-image\" style=\"background-image: url(https:\/\/www.eckler.ca\/app\/uploads\/2019\/05\/people-720x405.jpg)\"><\/div>\n\t\t\t\t\t\t\t\t\t\t<div class=\"blogs-item-content\">\n\t\t\t\t\t\t<div class=\"blogs-item-content-text\">\n\t\t\t\t\t\t\t\t\t\t\t\t\t\t\t<h2 class=\"h3 blogs-item-heading\">\n\t\t\t\t\t\t\t\t\tNous sommes en pleine croissance! Nouvelle pratique de conseil en r\u00e9mun\u00e9ration\t\t\t\t\t\t\t\t<\/h2>\n\t\t\t\t\t\t\t\t\t\t\t\t\t\t<div class=\"blogs-item-date\">\n\t\t\t\t\t\t\t\t\t\t\t\t\t\t\t\t\t7 juillet 2022\t\t\t\t\t\t\t\t\t\t\t\t\t\t\t\t<div class=\"blogs-item-category\">\n\t\t\t\t\t\t\t\t\tAnnouncements\t\t\t\t\t\t\t\t<\/div>\n\t\t\t\t\t\t\t<\/div>\n\t\t\t\t\t\t\t<div class=\"blogs-item-excerpt\">\n\t\t\t\t\t\t\t\t<p>Votre personnel est votre plus grand atout. Placez vos employ\u00e9s au sommet de vos priorit\u00e9s en adoptant une strat\u00e9gie holistique et un programme robuste de ...<\/p>\n\t\t\t\t\t\t\t<\/div>\n\t\t\t\t\t\t<\/div>\n\t\t\t\t\t\t<div class=\"blogs-item-btn\">\n\t\t\t\t\t\t\t\t\t\t\t\t\t\t\t<span class=\"btn btn-link btn-blogs-item\">\n\t\t\t\t\t\t\t\t\tEn savoir plus<i class=\"icon-chevron-right\"><\/i>\n\t\t\t\t\t\t\t\t<\/span>\n\t\t\t\t\t\t\t\t\t\t\t\t\t<\/div>\n\t\t\t\t\t<\/div>\n\t\t\t\t<\/a>\n\t\t\t<\/div>\n\t\t\t\t\t\t\t\t<div class=\"blogs-item blogs-item-a-venir-bientot-enquete-sur-la-planification-de-la-remuneration-2024-deckler blogs-item-post blogs-cat-374\" >\n\t\t\t\t\t\t\t\t<a class=\"blogs-item-link\" href=\"https:\/\/www.eckler.ca\/fr\/a-venir-bientot-enquete-sur-la-planification-de-la-remuneration-2024-deckler\/\">\n\t\t\t\t\t\t\t\t\t\t\t<div class=\"blogs-item-image\" style=\"background-image: url(https:\/\/www.eckler.ca\/app\/uploads\/2022\/07\/CompHeader-GettyImages-692271070-1-720x405.jpg)\"><\/div>\n\t\t\t\t\t\t\t\t\t\t<div class=\"blogs-item-content\">\n\t\t\t\t\t\t<div class=\"blogs-item-content-text\">\n\t\t\t\t\t\t\t\t\t\t\t\t\t\t\t<h2 class=\"h3 blogs-item-heading\">\n\t\t\t\t\t\t\t\t\tProtected: \u00c0 venir bient\u00f4t! Enqu\u00eate sur la planification de la r\u00e9mun\u00e9ration 2024 d\u2019Eckler\t\t\t\t\t\t\t\t<\/h2>\n\t\t\t\t\t\t\t\t\t\t\t\t\t\t<div class=\"blogs-item-date\">\n\t\t\t\t\t\t\t\t\t\t\t\t\t\t\t\t\t19 juin 2022\t\t\t\t\t\t\t\t\t\t\t\t\t\t\t\t<div class=\"blogs-item-category\">\n\t\t\t\t\t\t\t\t\t\t\t\t\t\t\t\t\t<\/div>\n\t\t\t\t\t\t\t<\/div>\n\t\t\t\t\t\t\t<div class=\"blogs-item-excerpt\">\n\t\t\t\t\t\t\t\t<p>\u00c0 venir bient\u00f4t! Enqu\u00eate sur la planification de la r\u00e9mun\u00e9ration 2025 d\u2019Eckler Eckler lancera bient\u00f4t son deuxi\u00e8me enqu\u00eate annuel sur la planification de la r\u00e9mun\u00e9ration. ...<\/p>\n\t\t\t\t\t\t\t<\/div>\n\t\t\t\t\t\t<\/div>\n\t\t\t\t\t\t<div class=\"blogs-item-btn\">\n\t\t\t\t\t\t\t\t\t\t\t\t\t\t\t<span class=\"btn btn-link btn-blogs-item\">\n\t\t\t\t\t\t\t\t\tEn savoir plus<i class=\"icon-chevron-right\"><\/i>\n\t\t\t\t\t\t\t\t<\/span>\n\t\t\t\t\t\t\t\t\t\t\t\t\t<\/div>\n\t\t\t\t\t<\/div>\n\t\t\t\t<\/a>\n\t\t\t<\/div>\n\t\t<\/div>\n\t\t\t\n[\/vc_column][\/vc_row]<\/p>\n<\/div>","protected":false},"excerpt":{"rendered":"\n<p>This content is password-protected. To view it, please enter the password below.<\/p>\n<p>Password: <\/p>\n","protected":false},"author":3,"featured_media":0,"parent":729,"menu_order":3,"comment_status":"closed","ping_status":"closed","template":"","meta":{"_acf_changed":false,"footnotes":""},"class_list":["post-10613","page","type-page","status-publish","hentry"],"acf":[],"yoast_head":"<!-- This site is optimized with the Yoast SEO Premium plugin v26.8 (Yoast SEO v26.8) - https:\/\/yoast.com\/product\/yoast-seo-premium-wordpress\/ -->\n<title>Services de conseil en r\u00e9mun\u00e9ration | Eckler<\/title>\n<meta name=\"description\" content=\"Notre objectif? Vous aider \u00e0 attirer et \u00e0 retenir les meilleurs talents. Apprenez-en davantage sur les services de consultation en r\u00e9mun\u00e9ration d&#039;Eckler d\u00e8s aujourd&#039;hui.\" \/>\n<meta name=\"robots\" content=\"index, follow, max-snippet:-1, max-image-preview:large, max-video-preview:-1\" \/>\n<link rel=\"canonical\" href=\"https:\/\/www.eckler.ca\/fr\/services\/pensions-and-benefits-consulting\/services-conseils-en-matiere-de-remuneration-v1\/\" \/>\n<meta property=\"og:locale\" content=\"fr_FR\" \/>\n<meta property=\"og:type\" content=\"article\" \/>\n<meta property=\"og:title\" content=\"Services-conseils en mati\u00e8re de r\u00e9mun\u00e9ration\" \/>\n<meta property=\"og:description\" content=\"Notre objectif? Vous aider \u00e0 attirer et \u00e0 retenir les meilleurs talents. Apprenez-en davantage sur les services de consultation en r\u00e9mun\u00e9ration d&#039;Eckler d\u00e8s aujourd&#039;hui.\" \/>\n<meta property=\"og:url\" content=\"https:\/\/www.eckler.ca\/fr\/services\/pensions-and-benefits-consulting\/services-conseils-en-matiere-de-remuneration-v1\/\" \/>\n<meta property=\"og:site_name\" content=\"Eckler\" \/>\n<meta property=\"article:modified_time\" content=\"2024-05-06T14:38:18+00:00\" \/>\n<meta name=\"twitter:card\" content=\"summary_large_image\" \/>\n<meta name=\"twitter:label1\" content=\"Est. reading time\" \/>\n\t<meta name=\"twitter:data1\" content=\"4 minutes\" \/>\n<script type=\"application\/ld+json\" class=\"yoast-schema-graph\">{\"@context\":\"https:\/\/schema.org\",\"@graph\":[{\"@type\":\"WebPage\",\"@id\":\"https:\/\/www.eckler.ca\/fr\/services\/pensions-and-benefits-consulting\/services-conseils-en-matiere-de-remuneration-v1\/\",\"url\":\"https:\/\/www.eckler.ca\/fr\/services\/pensions-and-benefits-consulting\/services-conseils-en-matiere-de-remuneration-v1\/\",\"name\":\"Services de conseil en r\u00e9mun\u00e9ration | Eckler\",\"isPartOf\":{\"@id\":\"https:\/\/www.eckler.ca\/#website\"},\"primaryImageOfPage\":{\"@id\":\"https:\/\/www.eckler.ca\/fr\/services\/pensions-and-benefits-consulting\/services-conseils-en-matiere-de-remuneration-v1\/#primaryimage\"},\"image\":{\"@id\":\"https:\/\/www.eckler.ca\/fr\/services\/pensions-and-benefits-consulting\/services-conseils-en-matiere-de-remuneration-v1\/#primaryimage\"},\"thumbnailUrl\":\"https:\/\/www.eckler.ca\/app\/uploads\/2022\/06\/Executive-Consulting-icon-1.png\",\"datePublished\":\"2022-06-24T19:56:34+00:00\",\"dateModified\":\"2024-05-06T14:38:18+00:00\",\"description\":\"Notre objectif? Vous aider \u00e0 attirer et \u00e0 retenir les meilleurs talents. Apprenez-en davantage sur les services de consultation en r\u00e9mun\u00e9ration d'Eckler d\u00e8s aujourd'hui.\",\"breadcrumb\":{\"@id\":\"https:\/\/www.eckler.ca\/fr\/services\/pensions-and-benefits-consulting\/services-conseils-en-matiere-de-remuneration-v1\/#breadcrumb\"},\"inLanguage\":\"fr-FR\",\"potentialAction\":[{\"@type\":\"ReadAction\",\"target\":[\"https:\/\/www.eckler.ca\/fr\/services\/pensions-and-benefits-consulting\/services-conseils-en-matiere-de-remuneration-v1\/\"]}]},{\"@type\":\"ImageObject\",\"inLanguage\":\"fr-FR\",\"@id\":\"https:\/\/www.eckler.ca\/fr\/services\/pensions-and-benefits-consulting\/services-conseils-en-matiere-de-remuneration-v1\/#primaryimage\",\"url\":\"https:\/\/www.eckler.ca\/app\/uploads\/2022\/06\/Executive-Consulting-icon-1.png\",\"contentUrl\":\"https:\/\/www.eckler.ca\/app\/uploads\/2022\/06\/Executive-Consulting-icon-1.png\"},{\"@type\":\"BreadcrumbList\",\"@id\":\"https:\/\/www.eckler.ca\/fr\/services\/pensions-and-benefits-consulting\/services-conseils-en-matiere-de-remuneration-v1\/#breadcrumb\",\"itemListElement\":[{\"@type\":\"ListItem\",\"position\":1,\"name\":\"Accueil\",\"item\":\"https:\/\/www.eckler.ca\/fr\/\"},{\"@type\":\"ListItem\",\"position\":2,\"name\":\"Services\",\"item\":\"https:\/\/www.eckler.ca\/fr\/services\/\"},{\"@type\":\"ListItem\",\"position\":3,\"name\":\"Consultation en r\u00e9gimes de retraite et en avantages sociaux\"}]},{\"@type\":\"WebSite\",\"@id\":\"https:\/\/www.eckler.ca\/#website\",\"url\":\"https:\/\/www.eckler.ca\/\",\"name\":\"Eckler\",\"description\":\"People-Powered Insights\",\"potentialAction\":[{\"@type\":\"SearchAction\",\"target\":{\"@type\":\"EntryPoint\",\"urlTemplate\":\"https:\/\/www.eckler.ca\/?s={search_term_string}\"},\"query-input\":{\"@type\":\"PropertyValueSpecification\",\"valueRequired\":true,\"valueName\":\"search_term_string\"}}],\"inLanguage\":\"fr-FR\"}]}<\/script>\n<!-- \/ Yoast SEO Premium plugin. -->","yoast_head_json":{"title":"Services de conseil en r\u00e9mun\u00e9ration | Eckler","description":"Notre objectif? Vous aider \u00e0 attirer et \u00e0 retenir les meilleurs talents. Apprenez-en davantage sur les services de consultation en r\u00e9mun\u00e9ration d'Eckler d\u00e8s aujourd'hui.","robots":{"index":"index","follow":"follow","max-snippet":"max-snippet:-1","max-image-preview":"max-image-preview:large","max-video-preview":"max-video-preview:-1"},"canonical":"https:\/\/www.eckler.ca\/fr\/services\/pensions-and-benefits-consulting\/services-conseils-en-matiere-de-remuneration-v1\/","og_locale":"fr_FR","og_type":"article","og_title":"Services-conseils en mati\u00e8re de r\u00e9mun\u00e9ration","og_description":"Notre objectif? Vous aider \u00e0 attirer et \u00e0 retenir les meilleurs talents. Apprenez-en davantage sur les services de consultation en r\u00e9mun\u00e9ration d'Eckler d\u00e8s aujourd'hui.","og_url":"https:\/\/www.eckler.ca\/fr\/services\/pensions-and-benefits-consulting\/services-conseils-en-matiere-de-remuneration-v1\/","og_site_name":"Eckler","article_modified_time":"2024-05-06T14:38:18+00:00","twitter_card":"summary_large_image","twitter_misc":{"Est. reading time":"4 minutes"},"schema":{"@context":"https:\/\/schema.org","@graph":[{"@type":"WebPage","@id":"https:\/\/www.eckler.ca\/fr\/services\/pensions-and-benefits-consulting\/services-conseils-en-matiere-de-remuneration-v1\/","url":"https:\/\/www.eckler.ca\/fr\/services\/pensions-and-benefits-consulting\/services-conseils-en-matiere-de-remuneration-v1\/","name":"Services de conseil en r\u00e9mun\u00e9ration | Eckler","isPartOf":{"@id":"https:\/\/www.eckler.ca\/#website"},"primaryImageOfPage":{"@id":"https:\/\/www.eckler.ca\/fr\/services\/pensions-and-benefits-consulting\/services-conseils-en-matiere-de-remuneration-v1\/#primaryimage"},"image":{"@id":"https:\/\/www.eckler.ca\/fr\/services\/pensions-and-benefits-consulting\/services-conseils-en-matiere-de-remuneration-v1\/#primaryimage"},"thumbnailUrl":"https:\/\/www.eckler.ca\/app\/uploads\/2022\/06\/Executive-Consulting-icon-1.png","datePublished":"2022-06-24T19:56:34+00:00","dateModified":"2024-05-06T14:38:18+00:00","description":"Notre objectif? Vous aider \u00e0 attirer et \u00e0 retenir les meilleurs talents. Apprenez-en davantage sur les services de consultation en r\u00e9mun\u00e9ration d'Eckler d\u00e8s aujourd'hui.","breadcrumb":{"@id":"https:\/\/www.eckler.ca\/fr\/services\/pensions-and-benefits-consulting\/services-conseils-en-matiere-de-remuneration-v1\/#breadcrumb"},"inLanguage":"fr-FR","potentialAction":[{"@type":"ReadAction","target":["https:\/\/www.eckler.ca\/fr\/services\/pensions-and-benefits-consulting\/services-conseils-en-matiere-de-remuneration-v1\/"]}]},{"@type":"ImageObject","inLanguage":"fr-FR","@id":"https:\/\/www.eckler.ca\/fr\/services\/pensions-and-benefits-consulting\/services-conseils-en-matiere-de-remuneration-v1\/#primaryimage","url":"https:\/\/www.eckler.ca\/app\/uploads\/2022\/06\/Executive-Consulting-icon-1.png","contentUrl":"https:\/\/www.eckler.ca\/app\/uploads\/2022\/06\/Executive-Consulting-icon-1.png"},{"@type":"BreadcrumbList","@id":"https:\/\/www.eckler.ca\/fr\/services\/pensions-and-benefits-consulting\/services-conseils-en-matiere-de-remuneration-v1\/#breadcrumb","itemListElement":[{"@type":"ListItem","position":1,"name":"Accueil","item":"https:\/\/www.eckler.ca\/fr\/"},{"@type":"ListItem","position":2,"name":"Services","item":"https:\/\/www.eckler.ca\/fr\/services\/"},{"@type":"ListItem","position":3,"name":"Consultation en r\u00e9gimes de retraite et en avantages sociaux"}]},{"@type":"WebSite","@id":"https:\/\/www.eckler.ca\/#website","url":"https:\/\/www.eckler.ca\/","name":"Eckler","description":"People-Powered Insights","potentialAction":[{"@type":"SearchAction","target":{"@type":"EntryPoint","urlTemplate":"https:\/\/www.eckler.ca\/?s={search_term_string}"},"query-input":{"@type":"PropertyValueSpecification","valueRequired":true,"valueName":"search_term_string"}}],"inLanguage":"fr-FR"}]}},"_links":{"self":[{"href":"https:\/\/www.eckler.ca\/fr\/wp-json\/wp\/v2\/pages\/10613","targetHints":{"allow":["GET"]}}],"collection":[{"href":"https:\/\/www.eckler.ca\/fr\/wp-json\/wp\/v2\/pages"}],"about":[{"href":"https:\/\/www.eckler.ca\/fr\/wp-json\/wp\/v2\/types\/page"}],"author":[{"embeddable":true,"href":"https:\/\/www.eckler.ca\/fr\/wp-json\/wp\/v2\/users\/3"}],"replies":[{"embeddable":true,"href":"https:\/\/www.eckler.ca\/fr\/wp-json\/wp\/v2\/comments?post=10613"}],"version-history":[{"count":11,"href":"https:\/\/www.eckler.ca\/fr\/wp-json\/wp\/v2\/pages\/10613\/revisions"}],"predecessor-version":[{"id":14384,"href":"https:\/\/www.eckler.ca\/fr\/wp-json\/wp\/v2\/pages\/10613\/revisions\/14384"}],"up":[{"embeddable":true,"href":"https:\/\/www.eckler.ca\/fr\/wp-json\/wp\/v2\/pages\/729"}],"wp:attachment":[{"href":"https:\/\/www.eckler.ca\/fr\/wp-json\/wp\/v2\/media?parent=10613"}],"curies":[{"name":"wp","href":"https:\/\/api.w.org\/{rel}","templated":true}]}}